{"id":172,"date":"2022-08-28T13:00:51","date_gmt":"2022-08-28T13:00:51","guid":{"rendered":"https:\/\/kopejska.cz\/?page_id=172"},"modified":"2022-12-10T15:01:00","modified_gmt":"2022-12-10T15:01:00","slug":"otokar-brezina","status":"publish","type":"page","link":"https:\/\/kopejska.cz\/?page_id=172","title":{"rendered":"Otokar B\u0159ezina"},"content":{"rendered":"\n<figure class=\"is-layout-flex wp-block-gallery-1 wp-block-gallery has-nested-images columns-2 is-cropped\">\n<figure class=\"wp-block-image size-large\"><img decoding=\"async\" loading=\"lazy\" width=\"800\" height=\"450\" data-id=\"389\"  src=\"https:\/\/kopejska.cz\/wp-content\/uploads\/2022\/11\/svizel-syristovy-detail_1123652237-jpg_irecept-400-16x9-1.jpg\" alt=\"\" class=\"wp-image-389\" srcset=\"https:\/\/kopejska.cz\/wp-content\/uploads\/2022\/11\/svizel-syristovy-detail_1123652237-jpg_irecept-400-16x9-1.jpg 800w, https:\/\/kopejska.cz\/wp-content\/uploads\/2022\/11\/svizel-syristovy-detail_1123652237-jpg_irecept-400-16x9-1-300x169.jpg 300w, https:\/\/kopejska.cz\/wp-content\/uploads\/2022\/11\/svizel-syristovy-detail_1123652237-jpg_irecept-400-16x9-1-768x432.jpg 768w\" sizes=\"(max-width: 800px) 100vw, 800px\" \/><\/figure>\n\n\n\n<figure class=\"wp-block-image size-large\"><img decoding=\"async\" loading=\"lazy\" width=\"1024\" height=\"682\" data-id=\"346\"  src=\"https:\/\/kopejska.cz\/wp-content\/uploads\/2022\/11\/Sekce-Brezina-Kniha-andel-srdce-tmavsi-1024x682.jpg\" alt=\"\" class=\"wp-image-346\" srcset=\"https:\/\/kopejska.cz\/wp-content\/uploads\/2022\/11\/Sekce-Brezina-Kniha-andel-srdce-tmavsi-1024x682.jpg 1024w, https:\/\/kopejska.cz\/wp-content\/uploads\/2022\/11\/Sekce-Brezina-Kniha-andel-srdce-tmavsi-300x200.jpg 300w, https:\/\/kopejska.cz\/wp-content\/uploads\/2022\/11\/Sekce-Brezina-Kniha-andel-srdce-tmavsi-768x511.jpg 768w, https:\/\/kopejska.cz\/wp-content\/uploads\/2022\/11\/Sekce-Brezina-Kniha-andel-srdce-tmavsi-1536x1022.jpg 1536w, https:\/\/kopejska.cz\/wp-content\/uploads\/2022\/11\/Sekce-Brezina-Kniha-andel-srdce-tmavsi-2048x1363.jpg 2048w, https:\/\/kopejska.cz\/wp-content\/uploads\/2022\/11\/Sekce-Brezina-Kniha-andel-srdce-tmavsi-2000x1331.jpg 2000w\" sizes=\"(max-width: 1024px) 100vw, 1024px\" \/><\/figure>\n<\/figure>\n\n\n\n<h2 class=\"has-text-align-left\">Pro\u010d pr\u00e1v\u011b Otokar B\u0159ezina?<\/h2>\n\n\n\n<div class=\"is-layout-flex wp-container-5 wp-block-columns\">\n<div class=\"is-layout-flow wp-block-column\" style=\"flex-basis:80%\">\n<p><strong>Je \u010dlov\u011bkem, jeho\u017e b\u00e1sn\u011b a eseje otev\u00edraj\u00ed lidsk\u00e1 srdce<\/strong>\u2026propojuj\u00ed je a o\u017eivuj\u00ed duchem a silami, radostmi i bolestmi, kter\u00e9 s\u00e1m autor p\u0159i jejich tvorb\u011b pro\u017e\u00edval, a kter\u00e9 jsou v n\u00ed st\u00e1le obsa\u017eeny\u2026evokuj\u00ed je v \u010dten\u00e1\u0159i a nab\u00e1daj\u00ed k jejich v\u011bdom\u00e9mu rozv\u00edjen\u00ed a upev\u0148ov\u00e1n\u00ed vz\u00e1cn\u00fdch, ale nezbytn\u00fdch lidsk\u00fdch hodnot, jako je vz\u00e1jemn\u00e1 \u00facta mezi lidmi, akceptace hlas\u016f sv\u011bdom\u00ed, duchovn\u00ed bratrstv\u00ed, poctivost, sm\u00ed\u0159livost, touhu po m\u00edru a pokoji v du\u0161i i ve sv\u011bt\u011b, touhu po tv\u016fr\u010d\u00ed l\u00e1sce a svobod\u011b, pro\u017e\u00edvan\u00e9 u\u017e tady na Zemi, objevov\u00e1n\u00ed a v\u011bdom\u00e9 pro\u017e\u00edv\u00e1n\u00ed sebe sama \u2014 <strong>sv\u00e9 neegoistick\u00e9 individuality jako \u017eivouc\u00edho principu, kter\u00fd transformuje tmu ve sv\u011btlo prost\u00fdm p\u0159ijet\u00edm a pokorn\u00fdm odevzd\u00e1n\u00edm toho, co je u\u017e v \u017eivot\u011b ka\u017ed\u00e9ho jedin\u00e9ho \u010dlov\u011bka nefunk\u010dn\u00ed<\/strong> (v\u010detn\u011b boje o moc ), co by bylo dobr\u00e9 u\u017e nedr\u017eet a net\u00e1hnout se sebou d\u00e1l jako nepot\u0159ebnou z\u00e1t\u011b\u017e (vinu, smutek, z\u00e1\u0161\u0165, domn\u011bnky\u2026), kter\u00e1 vy\u010derp\u00e1v\u00e1 a nedovoluje p\u0159ij\u00edmat nov\u00e9 podn\u011bty k tvorb\u011b, l\u00e1sce, svobod\u011b, proto\u017ee nitern\u00fd prostor du\u0161e je nekriticky zahlcen t\u00edm star\u00fdm a ze zvyku a ze strachu dr\u017een\u00fdm\u2026<\/p>\n<\/div>\n\n\n\n<div class=\"is-layout-flow wp-block-column\" style=\"flex-basis:20%\">\n<figure class=\"wp-block-image size-full is-style-rounded\"><img decoding=\"async\" loading=\"lazy\" width=\"171\" height=\"250\" src=\"https:\/\/kopejska.cz\/wp-content\/uploads\/2022\/11\/indexPortret-O.B..jpg\" alt=\"\" class=\"wp-image-376\"\/><figcaption class=\"wp-element-caption\">Otokar B\u0159ezina<\/figcaption><\/figure>\n<\/div>\n<\/div>\n\n\n\n<figure class=\"wp-block-audio\"><audio controls src=\"https:\/\/kopejska.cz\/wp-content\/uploads\/2022\/11\/Kdyz-nebe-vase-okna-ozari.mp3\"><\/audio><figcaption class=\"wp-element-caption\">Kdy\u017e nebe va\u0161e okna oz\u00e1\u0159\u00ed<\/figcaption><\/figure>\n\n\n\n<figure class=\"wp-block-audio\"><audio controls src=\"https:\/\/kopejska.cz\/wp-content\/uploads\/2022\/11\/Ciste-jitro.mp3\"><\/audio><figcaption class=\"wp-element-caption\">\u010cist\u00e9 jitro<\/figcaption><\/figure>\n\n\n\n<figure class=\"wp-block-audio\"><audio controls src=\"https:\/\/kopejska.cz\/wp-content\/uploads\/2022\/11\/Slysim-v-dusi.mp3\"><\/audio><figcaption class=\"wp-element-caption\">Sly\u0161\u00edm v du\u0161i<\/figcaption><\/figure>\n\n\n\n<h2 class=\"has-text-align-left\">\u00daryvek s\u00a0rozhovoru s\u00a0A. Pacolou \u2014 redaktorem Hor\u00e1ck\u00fdch novin z\u00a0dubna 2022:<\/h2>\n\n\n\n<h3 class=\"has-text-align-left\"><strong>V\u00e1\u0161 humorn\u00fd nadhled nad v\u011bc\u00ed v&nbsp;dne\u0161n\u00ed dob\u011b covidov\u00e9 se mi l\u00edb\u00ed. Kdy poprv\u00e9 jste zhudebnil ver\u0161e Otokara B\u0159eziny?<\/strong><\/h3>\n\n\n\n<p class=\"has-text-align-left\"><em>V&nbsp;roce 2015 jsem poprv\u00e9 zhudebnil i&nbsp;Otokara B\u0159ezinu. Prvn\u00ed zhudebn\u011bnou b\u00e1sn\u00ed bylo \u201e\u010cist\u00e9 jitro\u201c a&nbsp;pak n\u00e1sledovaly dal\u0161\u00ed. Zjistil jsem, \u017ee pro\u017eitek z&nbsp;tvo\u0159en\u00ed hudby v&nbsp;sou\u010dinnosti s&nbsp;t\u00edm, co je ve slovech a za nimi je tak je\u0161t\u011b intenzivn\u011bj\u0161\u00ed. \u010clov\u011bk se dost\u00e1v\u00e1 do v\u011bt\u0161\u00ed hloubky pochopen\u00ed B\u0159ezinov\u00fdch ver\u0161\u016f jejich vlastn\u00ed hudebn\u00ed<br>interpretac\u00ed. K&nbsp;pochopen\u00ed nejen rozumov\u00e9mu.<\/em><\/p>\n\n\n\n<p class=\"has-text-align-left\"><em>V&nbsp;roce 2016 jsem si \u0159ekl, \u017ee bych ty p\u00edsn\u011b \u010di zhudebn\u011bn\u00e9 B\u0159ezinovy b\u00e1sn\u011b mohl n\u011bkde prezentovat, ale nev\u011bd\u011bl jsem, jestli v&nbsp;tom nen\u00ed n\u011bjak\u00fd probl\u00e9m autorsk\u00fdch pr\u00e1v a&nbsp;podobn\u011b. Zjistil jsem, \u017ee existuje Spole\u010dnost Otokara B\u0159eziny, zavolal jsem do Jarom\u011b\u0159ic a&nbsp;tam mi \u0159ekli, \u017ee v&nbsp;tom \u017e\u00e1dn\u00fd probl\u00e9m nen\u00ed.<\/em><\/p>\n\n\n\n<h3 class=\"has-text-align-left\">Jak na v\u00e1s zap\u016fsobila p\u0159i prvn\u00ed n\u00e1v\u0161t\u011bv\u011b atmosf\u00e9ra mal\u00fdch Jarom\u011b\u0159ic s&nbsp;velk\u00fdm z\u00e1mkem, parkem a&nbsp;kostelem sv. Mark\u00e9ty?<\/h3>\n\n\n\n<p class=\"has-text-align-left\"><em>O&nbsp;t\u011bchto dominant\u00e1ch, kr\u00e1s\u00e1ch a&nbsp;zaj\u00edmavostech Jarom\u011b\u0159ic jsem \u010detl a v\u011bd\u011bl n\u011bco u\u017e d\u0159\u00edve. Ale \u017ee bych se tam tou\u017eil pod\u00edvat p\u0159ed ji\u017e zm\u00edn\u011bn\u00fdm rokem 2016, to ne. Na p\u0159elomu tis\u00edcilet\u00ed jsem jezdil asi p\u011bt let do T\u0159eb\u00ed\u010de z&nbsp;jin\u00fdch d\u016fvod\u016f. Tehdy tam byla skupina lid\u00ed, se kter\u00fdmi jsem tr\u00e1v\u00edval o&nbsp;pr\u00e1zdnin\u00e1ch n\u011bjak\u00fd \u010das. Ale do Jarom\u011b\u0159ic, i&nbsp;kdy\u017e byly vzd\u00e1len\u00e9 jen \u0161estn\u00e1ct kilometr\u016f, jsem se nikdy nepod\u00edval, a\u017e te\u010f, v&nbsp;posledn\u00edch letech.<\/em><\/p>\n\n\n\n<p class=\"has-text-align-left\"><em>\u0158ekl bych, \u017ee to bylo i&nbsp;ur\u010dit\u00e9 proz\u0159en\u00ed. To m\u011bsto m\u011b nyn\u00ed p\u0159itahuje a&nbsp;v\u017edycky, kdy\u017e tam jsem, tak se c\u00edt\u00edm slavnostn\u011b, jako by to bylo n\u011bjak\u00e9 duchovn\u00ed m\u00edsto, kter\u00e9 jsem si s\u00e1m pro sebe objevil.<\/em><\/p>\n\n\n\n<p class=\"has-text-align-left\"><em>Jarom\u011b\u0159ice jsou na rovin\u011b a v&nbsp;podstat\u011b m\u011b takov\u00e1 m\u00edsta nikdy moc nel\u00e1kala, sp\u00ed\u0161 ty kopce. Ale kdy\u017e jsem byl v&nbsp;Jarom\u011b\u0159ic\u00edch na h\u0159bitov\u011b p\u0159i pietn\u00edm aktu u&nbsp;B\u0159ezinova hrobu poprv\u00e9, tehdy m\u011bl \u00favodn\u00ed promluvu Ji\u0159\u00ed Kub\u011bna, tak jsem se tam skoro rozbre\u010del. M\u011bl jsem siln\u00fd emo\u010dn\u00ed z\u00e1\u017eitek a&nbsp;jeho intenzit\u011b a barevnosti jsem nerozum\u011bl. V&nbsp;Muzeu Otokara B\u0159eziny pak prob\u00edhalo setk\u00e1n\u00ed se \u010dleny Spole\u010dnosti Anny Pammrov\u00e9 a&nbsp;v\u00fdstava. Hrozilo zcela re\u00e1ln\u011b, \u017ee vlivem siln\u00e9ho dojet\u00ed propuknu v&nbsp;hlasit\u00fd pl\u00e1\u010d. Musel jsem ut\u00e9ci do z\u00e1meck\u00e9ho parku a&nbsp;tam jsem si na lavi\u010dce pobre\u010del. Tak velk\u00fd emo\u010dn\u00ed zmatek jsem u\u017e dlouho neza\u017eil Pracuji 20 let jako terapeut. Emoce a protip\u0159enosy jsem nucen rozkl\u00ed\u010dov\u00e1vat tak\u0159ka denn\u011b. Ale toto bylo opravdu ne\u010dekan\u011b siln\u00e9 a v&nbsp;podstat\u011b celodenn\u00ed. M\u011b samotn\u00e9ho p\u0159ekvapilo, co se ve mn\u011b d\u011bje. Pak jsem se do muzea vr\u00e1til, ale cel\u00e9 odpoledne a\u017e do ve\u010dera jsem pro\u017e\u00edval v&nbsp;dojet\u00ed, smutku a&nbsp;radosti, v\u0161echno v&nbsp;tom stavu bylo dohromady propojen\u00e9.<\/em><\/p>\n\n\n\n<h3 class=\"has-text-align-left\">\u010cili t\u00edmto zp\u016fsobem u&nbsp;v\u00e1s do\u0161lo k&nbsp;propojen\u00ed b\u00e1sn\u00edkova hrobu, jeho bytu a muzea se z\u00e1meck\u00fdm parkem a&nbsp;cel\u00fdm m\u011bstem?<\/h3>\n\n\n\n<p class=\"has-text-align-left\"><em>Str\u00e1vil jsem tam tehdy poprv\u00e9 cel\u00fd v\u00edkend. V\u0161echny souvislosti jsem vn\u00edmal velmi intenzivn\u011b. A\u00a0dodnes vlastn\u011b nev\u00edm, co p\u0159esn\u011b zp\u016fsobilo ty siln\u00e9 pro\u017eitky. P\u0159i dal\u0161\u00ed n\u00e1v\u0161t\u011bv\u011b Jarom\u011b\u0159ic se to opakovalo, i\u00a0kdy\u017e u\u017e ne v\u00a0takov\u00e9 intenzit\u011b. V\u00a0posledn\u00edch letech je to v\u017edycky takov\u00fd slavnostn\u00ed pocit dojet\u00ed.<\/em><\/p>\n\n\n\n<p class=\"has-text-align-left\"><em>Jarom\u011b\u0159ice, jejich pam\u00e1tky, kr\u00e1sn\u00fd park, vn\u00edm\u00e1m hlavn\u011b skrze p\u0159\u00edtomnost Otokara B\u0159eziny. Ne tedy skrze minulost, ale skrze b\u00e1sn\u00edkovu p\u0159\u00edtomnost. S\u00e1m pro sebe p\u00e1tr\u00e1m po jeho ko\u0159enech a souvislostech s&nbsp;touto p\u0159\u00edtomnost\u00ed.<\/em><\/p>\n\n\n\n<p class=\"has-text-align-left\"><em>P\u0159ed \u010dasem jsem str\u00e1vil t\u00fdden na Vyso\u010din\u011b a&nbsp;jezdil po m\u00edstech, kde B\u0159ezina \u017eil a&nbsp;tvo\u0159il. Bylo to pro m\u011b tak\u00e9 hodn\u011b intenzivn\u00ed hled\u00e1n\u00ed a&nbsp;setk\u00e1v\u00e1n\u00ed s m\u00edsty jeho pobytu a tvorby, t\u0159eba v&nbsp;Tel\u010di a&nbsp;v&nbsp;Nov\u00e9 \u0158\u00ed\u0161i.<\/em><\/p>\n\n\n\n<p class=\"has-text-align-left\"><strong>Petr Kopejska \u2013 p\u0159edseda Spole\u010dnosti Otokara B\u0159eziny<\/strong><\/p>\n\n\n\n<div style=\"height:0px\" aria-hidden=\"true\" class=\"wp-block-spacer\"><\/div>\n\n\n<div class=\"wp-block-image is-style-default\">\n<figure class=\"aligncenter size-large\"><img decoding=\"async\" loading=\"lazy\" width=\"1024\" height=\"682\" src=\"https:\/\/kopejska.cz\/wp-content\/uploads\/2022\/11\/Sekce-Brezina-2-1024x682.jpg\" alt=\"\" class=\"wp-image-347\" srcset=\"https:\/\/kopejska.cz\/wp-content\/uploads\/2022\/11\/Sekce-Brezina-2-1024x682.jpg 1024w, https:\/\/kopejska.cz\/wp-content\/uploads\/2022\/11\/Sekce-Brezina-2-300x200.jpg 300w, https:\/\/kopejska.cz\/wp-content\/uploads\/2022\/11\/Sekce-Brezina-2-768x511.jpg 768w, https:\/\/kopejska.cz\/wp-content\/uploads\/2022\/11\/Sekce-Brezina-2-1536x1022.jpg 1536w, https:\/\/kopejska.cz\/wp-content\/uploads\/2022\/11\/Sekce-Brezina-2-2048x1363.jpg 2048w, https:\/\/kopejska.cz\/wp-content\/uploads\/2022\/11\/Sekce-Brezina-2-2000x1331.jpg 2000w\" sizes=\"(max-width: 1024px) 100vw, 1024px\" \/><\/figure><\/div>\n\n\n<h2 class=\"has-text-align-left\">Z\u00e1kladn\u00ed \u017eivotopisn\u00e1 data Otokara B\u0159eziny<\/h2>\n\n\n\n<p class=\"has-text-align-left\"><strong>Otokar B\u0159ezina se narodil jako V\u00e1clav Ign\u00e1c Jebav\u00fd v Po\u010d\u00e1tk\u00e1ch na Vyso\u010din\u011b.<\/strong><\/p>\n\n\n\n<p class=\"has-text-align-left\">Rod Jebav\u00fdch p\u0159i\u0161el do Po\u010d\u00e1tek v 18. stolet\u00ed <strong>z&nbsp;Jakub\u00edna<\/strong>, vsi, le\u017e\u00edc\u00ed SZ od Po\u010d\u00e1tek. P\u0159\u00edjmen\u00ed &#8222;Jebav\u00fd&#8220; se tam objevuje u\u017e od druh\u00e9 poloviny 16. stolet\u00ed. Jedn\u00e1 se tedy asi o 400 let za sebou jdouc\u00edch generac\u00ed.<\/p>\n\n\n\n<figure class=\"is-layout-flex wp-block-gallery-6 wp-block-gallery has-nested-images columns-default is-cropped\">\n<figure class=\"wp-block-image size-full\"><a href=\"https:\/\/kopejska.cz\/wp-content\/uploads\/2022\/11\/Hrob-Otokara-Breziny.jpg\"><img decoding=\"async\" loading=\"lazy\" width=\"421\" height=\"550\" data-id=\"385\"  src=\"https:\/\/kopejska.cz\/wp-content\/uploads\/2022\/11\/Hrob-Otokara-Breziny.jpg\" alt=\"\" class=\"wp-image-385\" srcset=\"https:\/\/kopejska.cz\/wp-content\/uploads\/2022\/11\/Hrob-Otokara-Breziny.jpg 421w, https:\/\/kopejska.cz\/wp-content\/uploads\/2022\/11\/Hrob-Otokara-Breziny-230x300.jpg 230w\" sizes=\"(max-width: 421px) 100vw, 421px\" \/><\/a><figcaption class=\"wp-element-caption\">Hrob Otokara B\u0159ezina (M\u00edsto harmonie a sm\u00ed\u0159en\u00ed) <br>v Jarom\u011b\u0159ic\u00edch nad Rokytnou<\/figcaption><\/figure>\n\n\n\n<figure class=\"wp-block-image size-full\"><a href=\"https:\/\/kopejska.cz\/wp-content\/uploads\/2022\/11\/Muzeum-O.B..jpg\"><img decoding=\"async\" loading=\"lazy\" width=\"450\" height=\"600\" data-id=\"386\"  src=\"https:\/\/kopejska.cz\/wp-content\/uploads\/2022\/11\/Muzeum-O.B..jpg\" alt=\"\" class=\"wp-image-386\" srcset=\"https:\/\/kopejska.cz\/wp-content\/uploads\/2022\/11\/Muzeum-O.B..jpg 450w, https:\/\/kopejska.cz\/wp-content\/uploads\/2022\/11\/Muzeum-O.B.-225x300.jpg 225w\" sizes=\"(max-width: 450px) 100vw, 450px\" \/><\/a><figcaption class=\"wp-element-caption\">Muzeum Otokara B\u0159eziny v Jarom\u011b\u0159ic\u00edch nad Rokytnou<\/figcaption><\/figure>\n<\/figure>\n\n\n\n<div style=\"height:48px\" aria-hidden=\"true\" class=\"wp-block-spacer\"><\/div>\n\n\n\n<p class=\"has-text-align-left\"><strong>Otec Ign\u00e1c Jebav\u00fd<\/strong>, \u0161vec, tak\u00e9 se mu v Po\u010d\u00e1tk\u00e1ch a okol\u00ed \u0159\u00edkalo &#8222;b\u00e1sn\u00edk&#8220;, proto\u017ee psal a \u017eil i n\u011bjakou dobu v Praze. V\u00e1clav se narodil, kdy\u017e otci bylo 53 let v jeho druh\u00e9m man\u017eelstv\u00ed s <strong>Kate\u0159inou F\u00e1kovou<\/strong>. Ta poch\u00e1zela z nedalek\u00fdch <strong>Pansk\u00fdch Dubenek<\/strong> z evangelick\u00e9 rodiny. byla velmi zbo\u017en\u00e1, pracovit\u00e1 a obracela se k Pann\u011b Marii. Hodn\u011b tak\u00e9 \u010detla a Otokar B\u0159ezina si ji pamatuje z d\u011btstv\u00ed, jak sed\u00e1vala u okna v prvn\u00edm pat\u0159e s knihou a zasn\u011bn\u011b hled\u011bla ven\u2026vdala se v 37 letech z touhy po d\u00edt\u011bti.<\/p>\n\n\n\n<p class=\"has-text-align-left\">M\u011bla t\u0159i d\u011bti, dv\u011b v d\u011btstv\u00ed zem\u0159ely, jen V\u00e1clav se do\u017eil dosp\u011blosti. I v prvn\u00edm man\u017eelstv\u00ed Ign\u00e1ce Jebav\u00e9ho byly <strong>p\u0159ivedeny na sv\u011bt t\u0159i d\u011bti<\/strong>, kter\u00e9 v\u0161echny p\u0159ed\u010dasn\u011b zem\u0159ely. <strong>V\u00e1clav, Otokar<\/strong>, tedy jedin\u00fd z\u016fstal. Narodil se s deformac\u00ed p\u00e1te\u0159e, v dosp\u011blosti se k tomu p\u0159idaly obt\u00ed\u017ee se srdcem.<\/p>\n\n\n\n<blockquote class=\"wp-block-quote has-text-align-left\">\n<p class=\"has-text-align-left\"><em>\u201eVzpomenu-li si na l\u00e9ta ml\u00e1d\u00ed, nedovedu se ubr\u00e1nit mraziv\u00e9mu chv\u011bn\u00ed. Jak nam\u00e1hav\u011b propracov\u00e1v\u00e1 se bytost sama k&nbsp;sob\u011b! Nikdo n\u00e1s nevede. Nejbli\u017e\u0161\u00ed bytost na\u0161\u00ed du\u0161i \u2013 matka \u2013 nen\u00ed v\u017edy na\u0161eho duchov\u00e9ho rodu, a \u017eije sv\u016fj ciz\u00ed \u017eivot jako my \u2013 v&nbsp;samot\u00e1ch! A je-li na\u0161eho rodu, v\u0161echno se klade mezi ni a n\u00e1s! <\/em><\/p>\n\n\n\n<p class=\"has-text-align-left\"><em>Vzpom\u00edn\u00e1m na mu\u010dednici, kter\u00e1 mi dala \u017eivot! Jak\u00e9 kultury ideov\u00e9 byla schopna? Kudy p\u0159ece kudy \u0161la, byla tma prot\u00edn\u00e1na oslepuj\u00edc\u00edmi blesky jasnoz\u0159en\u00ed! Byla zrozena k&nbsp;n\u011b\u010demu duchovn\u00edmu.\u201c<\/em> <\/p>\n<cite>z&nbsp;dopisu A. Pammrov\u00e9<\/cite><\/blockquote>\n\n\n\n<h2 class=\"has-text-align-left\">Zrozen\u00ed jm\u00e9na<\/h2>\n\n\n\n<p class=\"has-text-align-left\"><strong>Roku 1886 otiskl \u010dasopis <\/strong><em><strong>\u201eVesna\u201c<\/strong> <\/em>jeho prvn\u00ed liter\u00e1rn\u00ed pr\u00e1ci pod pseudonymem <strong><em>\u201eV\u00e1clav Dan\u0161ovsk\u00fd\u201c<\/em><\/strong> (Po\u010d\u00e1teck\u00e1 ulice <em>\u201eDan\u0161ovsk\u00e9ho\u201c<\/em>, kde rodina \u017eila) Pod n\u00edm psal do r\u016fzn\u00fdch periodik a\u017e do roku 1990.<\/p>\n\n\n\n<p class=\"has-text-align-left\"><strong>Pot\u00e9 Dan\u0161ovsk\u00fd miz\u00ed<\/strong> a na podzim 1892 se v&nbsp;\u010dasopise <em>\u201eNiva\u201c<\/em> objevuje <strong>b\u00e1se\u0148 <em>\u201eChv\u00e1la samoty\u201c<\/em><\/strong>, podepsan\u00e1 Otokarem B\u0159ezinou. To jm\u00e9no mu doslova ustanovil <strong>redaktor brn\u011bnsk\u00e9 Nivy Franti\u0161ek Roh\u00e1\u010dek<\/strong>. V&nbsp;dopise <strong>Franti\u0161ku Bauerovi<\/strong> (druh\u00fd B\u0159ezin\u016fv kamar\u00e1d spolu\u017e\u00e1k) <strong>o tom B\u0159ezina p\u00ed\u0161e<\/strong>: <em>\u201eV leto\u0161n\u00ed Niv\u011b uve\u0159ejnil jsem t\u0159i z&nbsp;b\u00e1sn\u00ed nyn\u011bj\u0161\u00edho m\u00e9ho sm\u011bru. Roh\u00e1\u010dek, jen\u017e n\u00e1hodou nedostal v\u010das m\u016fj dopis, v&nbsp;n\u011bm\u017e jsem mu sd\u011bloval tob\u011b zn\u00e1m\u00fd m\u016fj pseudonym, uve\u0159ejnil m\u00e1 b\u00e1sn\u011b pod <strong>groteskn\u00edm<\/strong> jm\u00e9nem Otokara B\u0159eziny!\u201c <\/em><strong> <\/strong><strong>Roh\u00e1\u010dek vzkazuje V.J. Dan\u0161ovsk\u00e9mu<\/strong>: <em>\u201eZ\u016fsta\u0148te ji\u017e p\u0159i tom jm\u00e9n\u011b! L\u00edstek V\u00e1\u0161 mi nedo\u0161el, proto jsem je musel stvo\u0159it s\u00e1m! Hlavn\u00ed je, \u017ee ver\u0161e va\u0161e vzbudily na n\u011bkolika m\u00edstech \u017eiv\u00fd z\u00e1jem. Uve\u0159ejn\u00edme i dal\u0161\u00ed.\u201c<\/em><\/p>\n\n\n\n<h2 class=\"has-text-align-left\">Smrt obou rodi\u010d\u016f<\/h2>\n\n\n\n<p class=\"has-text-align-left\"><strong>Oba rodi\u010de zem\u0159eli Otokaru B\u0159ezinovi v jednom t\u00fddnu roku 1890.<\/strong> To m\u011blo na jeho vn\u00edm\u00e1n\u00ed sebe, sv\u011bta, na jeho dal\u0161\u00ed \u017eivotn\u00ed usilov\u00e1n\u00ed i tvorbu velk\u00fd vliv. Zmizel B\u0159ezina sarkastick\u00fd a kritizuj\u00edc\u00ed, z\u016fstal \u010dlov\u011bk, <strong>hledaj\u00edc\u00ed sebe a V\u011b\u010dn\u00e9 Sv\u011btlo ve sv\u00e9m srdci&nbsp;a v lidech!<\/strong><\/p>\n\n\n\n<p class=\"has-text-align-left\"><strong>Sv\u00e9mu p\u0159\u00edteli Franti\u0161ku Bauerovi o tom p\u00ed\u0161e toto:<\/strong><\/p>\n\n\n\n<p class=\"has-text-align-left\"><em>\u201eV \u00fater\u00fd masopustn\u00ed do\u0161el mn\u011b dopis, kter\u00fdm vyb\u00edzeli mne p\u0159\u00e1tel\u00e9 na\u0161\u00ed rodiny, abych jel okam\u017eit\u011b dom\u016f, chci-li je\u0161t\u011b pohovo\u0159iti se svou matkou. Jel jsem. Obraz, kter\u00fd se mi naskytl p\u0159i vstoupen\u00ed v&nbsp;otcovsk\u00fd d\u016fm \u2013 dv\u011b rozestlan\u00e1 lo\u017ee, v&nbsp;nich\u017e na jednom moje matka se smrt\u00ed tak\u0159ka z\u00e1pasila, a na druh\u00e9m otec, sti\u017een nemoc\u00ed, kter\u00e1 p\u0159ipou\u0161t\u011bla obavy \u2013 na\u010d l\u00ed\u010dit to zp\u016fsobem, kter\u00fd jsme odsoudili do rom\u00e1n\u016f a novel \u2013 odjel jsem nazp\u011bt do \u0158\u00ed\u0161e, rozlou\u010div se s&nbsp;rodi\u010di. To bylo ve \u010dtvrtek. V&nbsp;ned\u011bli pro mne p\u0159ijel povoz z&nbsp;domova se zpr\u00e1vou, \u017ee moje matka zem\u0159ela. V&nbsp;pond\u011bl\u00ed m\u011bla matka poh\u0159eb. V&nbsp;\u00fater\u00fd jsme byli v&nbsp;jednom roz\u010dilen\u00ed. Ve st\u0159edu zem\u0159el otec a v&nbsp;p\u00e1tek m\u011bl poh\u0159eb. Jeden t\u00fdden zbavil mne rodi\u010d\u016f, domova, v\u0161eho\u2026jsem te\u010f s\u00e1m, docela s\u00e1m v&nbsp;\u0161ir\u00e9m sv\u011bt\u011b \u2013 s&nbsp;du\u0161\u00ed otr\u00e1venou my\u0161lenkami, se vzpom\u00ednkami, kter\u00e9 chovaj\u00ed jen bol, s\u00e1m mezi troskami nad\u011bj\u00ed bez c\u00edle a bez ide\u00e1lu, \u010dlov\u011bk, kter\u00fd \u017eije, automat, kter\u00fd plat\u00ed a je placen. Do Po\u010d\u00e1tek u\u017e v\u00edcekr\u00e1t nepojedu. Snad n\u011bkdy nav\u0161t\u00edvit hrob dvou star\u00fdch lid\u00ed, kte\u0159\u00ed mne jedin\u00ed v&nbsp;cel\u00e9m sv\u011bt\u011b milovali\u201c.<\/em><\/p>\n\n\n\n<h2 class=\"has-text-align-left\">Vn\u00edm\u00e1n\u00ed sv\u011bta a sebe<\/h2>\n\n\n\n<p class=\"has-text-align-left\"><strong>Zp\u016fsob vn\u00edm\u00e1n\u00ed a pro\u017e\u00edv\u00e1n\u00ed sebe sama i sv\u011bta kolem sebe<\/strong> tak, jak to ve sv\u00e9m d\u00edle i korespondenci a sv\u011bdectv\u00edch p\u0159\u00e1tel a sou\u010dasn\u00edk\u016f \u017eiv\u011b vyjad\u0159oval Otokar B\u0159ezina, mi rezonuje s antroposofick\u00fdm vn\u00edm\u00e1n\u00edm propojenosti sv\u011bta, lidsk\u00e9 du\u0161e a Ducha spolu s mnoharozm\u011brnost\u00ed lidsk\u00e9ho a vesm\u00edrn\u00e9ho \u017eivota tak, jak to p\u0159in\u00e1\u0161\u00ed <strong>Rudolf Steiner (27.2. 1861 &#8211; 30.3. 1925)<\/strong>, k jeho\u017e z\u00e1znam\u016fm p\u0159edn\u00e1\u0161ek a ke knih\u00e1m jsem se dostal p\u0159ed lety po studiu buddhistick\u00fdch, hinduistick\u00fdch spis\u016f a knih, jako\u017eto i filosofick\u00fdch d\u011bl evropsk\u00fdch filosof\u016f (Nietzsche, Schopenhauer, \u0160afa\u0159\u00edk, atd).<\/p>\n\n\n<div class=\"wp-block-image is-style-default\">\n<figure class=\"aligncenter size-full\"><img decoding=\"async\" loading=\"lazy\" width=\"2560\" height=\"1704\" src=\"https:\/\/kopejska.cz\/wp-content\/uploads\/2022\/11\/Sekce-Brezina-maly-1-scaled.jpg\" alt=\"\" class=\"wp-image-348\" srcset=\"https:\/\/kopejska.cz\/wp-content\/uploads\/2022\/11\/Sekce-Brezina-maly-1-scaled.jpg 2560w, https:\/\/kopejska.cz\/wp-content\/uploads\/2022\/11\/Sekce-Brezina-maly-1-300x200.jpg 300w, https:\/\/kopejska.cz\/wp-content\/uploads\/2022\/11\/Sekce-Brezina-maly-1-1024x682.jpg 1024w, https:\/\/kopejska.cz\/wp-content\/uploads\/2022\/11\/Sekce-Brezina-maly-1-768x511.jpg 768w, https:\/\/kopejska.cz\/wp-content\/uploads\/2022\/11\/Sekce-Brezina-maly-1-1536x1022.jpg 1536w, https:\/\/kopejska.cz\/wp-content\/uploads\/2022\/11\/Sekce-Brezina-maly-1-2048x1363.jpg 2048w, https:\/\/kopejska.cz\/wp-content\/uploads\/2022\/11\/Sekce-Brezina-maly-1-2000x1331.jpg 2000w\" sizes=\"(max-width: 2560px) 100vw, 2560px\" \/><\/figure><\/div>\n\n\n<h2 class=\"has-text-align-left\">Nov\u00e1 \u0159\u00ed\u0161e<\/h2>\n\n\n\n<p class=\"has-text-align-left\"><strong>Otokar B\u0159ezina<\/strong> napsal sv\u00fdch p\u011bt st\u011b\u017eejn\u00edch b\u00e1snick\u00fdch sb\u00edrek (<em>\u201eTajemn\u00e9 d\u00e1lky\u201c<\/em>, <em>\u201eSv\u00edt\u00e1n\u00ed na z\u00e1pad\u011b\u201c<\/em>, <em>\u201eV\u011btry od p\u00f3l\u016f\u201c<\/em>, <em>\u201eStavitel\u00e9 chr\u00e1m\u016f\u201c<\/em>, <em>\u201eRuce\u201c<\/em>) za sv\u00e9ho <strong>p\u016fsoben\u00ed v Nov\u00e9 \u0158\u00ed\u0161i<\/strong>.<\/p>\n\n\n\n<p class=\"has-text-align-left\">Tam pracoval jako <strong>u\u010ditel na z\u00e1kladn\u00ed \u0161kole<\/strong> od 30. listopadu 1888 do l\u00e9ta 1901.<\/p>\n\n\n\n<p class=\"has-text-align-left\">B\u0159ezina \u017eil v Nov\u00e9 \u0158\u00ed\u0161i jako chud\u00fd poustevn\u00edk. V bou\u0159\u00edch vnit\u0159n\u00edch konflikt\u016f a rozpor\u016f rostl jako \u010dlov\u011bk i jako um\u011blec. B\u00e1sn\u011b psal ve stavech <strong>duchovn\u00edho vytr\u017een\u00ed a extatick\u00e9ho zan\u00edcen\u00ed<\/strong> obvykle v dob\u011b letn\u00edch pr\u00e1zdnin v les\u00edch okolo Nov\u00e9 \u0158\u00ed\u0161e.<\/p>\n\n\n\n<p class=\"has-text-align-left\"><strong>V p\u0159\u00edrod\u011b a tvorb\u011b nach\u00e1zel vnit\u0159n\u00ed svobodu, napln\u011bn\u00ed a radost! <\/strong>Vlivy venkovn\u00ed a nitern\u00e9 p\u0159etavoval v individu\u00e1ln\u00ed Sv\u011bteln\u00fd proud. Ten vetk\u00e1val do sv\u00fdch d\u011bl! Z nich st\u00e1le pr\u00fd\u0161t\u00ed a z\u00e1\u0159\u00ed! Nespaluje, nestravuje, ale posiluje, obohacuje, inspiruje a podporuje p\u0159irozenou touhu \u010dlov\u011bka po pozn\u00e1n\u00ed sebe sama a po op\u011btovn\u00e9m propojen\u00ed se lidsk\u00e9ho prom\u011bn\u011bn\u00e9ho Srdce s V\u011b\u010dn\u00fdm Tajemstv\u00edm &#8211; Bohem Otcem, Nejvy\u0161\u0161\u00edm, V\u011b\u010dn\u00fdm\u2026<\/p>\n\n\n\n<h2 class=\"has-text-align-left\">N\u011bkolik \u00favah a my\u0161lenek<\/h2>\n\n\n\n<p class=\"has-text-align-left\">Esej <em><strong>\u201eO dvou sv\u011btech\u201c<\/strong><\/em>: <strong><em>\u201eV bolesti st\u00fdk\u00e1 se vina s jej\u00edm usm\u00ed\u0159en\u00edm\u2026minulost, t\u011b\u017ek\u00e9 st\u00edny viny, prob\u00edhaj\u00edc\u00ed tis\u00edcilet\u00edmi, rozptyluj\u00ed se znen\u00e1hla p\u0159ed u\u017easl\u00fdmi du\u0161emi jako str\u00e1veny milost\u00ed\u2026dech Smrti, podobn\u00fd o\u010di\u0161\u0165uj\u00edc\u00edmu v\u011btru, vane kvetouc\u00edmi sady srdc\u00ed, rozn\u00e1\u0161eje v\u016fni do obou sv\u011bt\u016f\u201c.<\/em><\/strong><\/p>\n\n\n\n<p class=\"has-text-align-left\">Z dopisu Ann\u011b Pammrov\u00e9 25.9. 1896: <em><strong>\u201eAle pon\u011bvad\u017e je nemo\u017eno s na\u0161\u00edm t\u011blem, nesouc\u00edm t\u00ed\u017e minulosti, \u017e\u00edti v pom\u011brech Kr\u00e1sy p\u0159edb\u00edhaj\u00edc\u00ed cel\u00e9 v\u011bky ve\u0161kerou na\u0161i dokonalost, st\u00e1v\u00e1 se i Kr\u00e1sa bolest\u00ed, jakousi netrp\u011blivost\u00ed jakoby p\u00edsek na\u0161ich cest roz\u017ehaven byl p\u0159\u00edli\u0161 jej\u00edm Sluncem, \u017ee nen\u00ed mo\u017eno st\u00e1ti v N\u011bm dlouho bos\u00fdma nohama na jednom m\u00edst\u011b. Zde trp\u00edme za viny minul\u00fdch \u017eivot\u016f a snad, kdo v\u00ed, za viny minul\u00fdch nezn\u00e1m\u00fdch sv\u011bt\u016f, l\u00e9pe \u0159e\u010deno: trp\u00edme bolest\u00ed vzr\u016fstu, mystick\u00e9ho mohutn\u011bn\u00ed pro p\u0159\u00ed\u0161t\u00ed z\u00e1\u0159e, pro duchovn\u011bj\u0161\u00ed organizace nov\u00fdch mo\u017enost\u00ed \u017eivota!\u201c<\/strong><\/em><\/p>\n\n\n\n<p class=\"has-text-align-left\">V roce 1895 podepsal B\u0159ezina Manifest \u010desk\u00e9 moderny. Prvn\u00ed B\u0159ezinova b\u00e1snick\u00e1 sb\u00edrka <strong>Tajemn\u00e9 d\u00e1lky (1895)<\/strong> vy\u0161la v&nbsp;Knihovn\u011b Modern\u00ed revue. Jsou to b\u00e1sn\u011b pln\u00e9 melancholie, dekadentn\u00edho rozkladu a zmaru. Osam\u011bn\u00ed a bolest, to jsou pocity, kter\u00e9 v b\u00e1sn\u00edch p\u0159eva\u017euj\u00ed. B\u00e1sn\u00edk se v nich lou\u010d\u00ed se sv\u00fdm dosavadn\u00edm \u017eivotem <em>\u201eNad ml\u00e1d\u00edm mrtvolou jsem stanul v zadum\u00e1n\u00ed, jak milenec nad mrtvou d\u00edvkou svedenou\u201c<\/em> &#8211; aby se mohl v\u011bnovat um\u011bn\u00ed, kter\u00e9 jedin\u00e9 m\u016f\u017ee d\u00e1t \u017eivotu smysl. Samota, bolest a smrt \u2013 to je sv\u011bt tajemn\u00fdch d\u00e1lek.<\/p>\n\n\n\n<h2 class=\"has-text-align-left\">B\u00e1snick\u00e9 sb\u00edrky<\/h2>\n\n\n\n<p class=\"has-text-align-left\"><strong>V roce 1896<\/strong> vy\u0161lo jednadvacet b\u00e1sn\u00ed sb\u00edrky <strong>Sv\u00edt\u00e1n\u00ed na z\u00e1pad\u011b<\/strong>. Jestli je v&nbsp;prvn\u00ed knize v\u00edce intimn\u00edho, lidsk\u00e9ho, osobn\u00edho. V t\u00e9to sb\u00edrce si v\u00edce v\u0161\u00edm\u00e1 obecn\u00fdch z\u00e1konitost\u00ed. <em>\u201eNap\u0159ed v\u00fdk\u0159ik bolesti vlastn\u00ed, pak v\u00fdk\u0159ik z bolesti v\u0161ech\u201c<\/em>, tak s\u00e1m rozli\u0161il ob\u011b sb\u00edrky. Ve v\u00fdznamov\u011b n\u00e1ro\u010dn\u00fdch b\u00e1sn\u00edch je z\u00e1pad slunce \u201esv\u00edt\u00e1n\u00edm\u201c onoho druh\u00e9ho sv\u011bta, do kter\u00e9ho se vstupuje smrt\u00ed. Bolest p\u0159iv\u00e1d\u00ed \u010dlov\u011bka k&nbsp;pozn\u00e1n\u00ed z\u00e1had vesm\u00edru a \u017eivota, smrt otv\u00edr\u00e1 cestu k nov\u00e9 form\u011b existence, je p\u0159echodem z jedn\u00e9 formy \u017eivota do druh\u00e9. Ve sb\u00edrce se objevuj\u00ed prvn\u00ed velk\u00e9 symbolick\u00e9 postavy, <strong>Vlada\u0159i sn\u016f<\/strong>. Py\u0161n\u00ed um\u011blci, kte\u0159\u00ed nedok\u00e1\u017e\u00ed pro\u017e\u00edvat pozemskou skute\u010dnost a \u201e<em>zav\u011bsili \u017eit\u00ed na pavu\u010dinn\u00e1 vl\u00e1kna my\u0161lenky\u201c<\/em> a Siln\u00ed, <strong>kte\u0159\u00ed u\u017e nepohrdaj\u00ed pozemsk\u00fdm \u017eivotem, ale silou v\u016fle cht\u011bj\u00ed spojit pozemsk\u00e9 byt\u00ed s duchovn\u00edm.<\/strong> Sb\u00edrku uv\u00e1d\u00ed Rann\u00ed modlitba (<em>\u201ePles v\u011b\u010dn\u00fdch sv\u00edt\u00e1n\u00ed do soumrak\u016f m\u00fdch zp\u00edval\u2026\u201c<\/em>) a uzav\u00edr\u00e1 ji vyzn\u00e1n\u00ed b\u00e1sn\u00edkova postoje ke sv\u011btu a \u017eivotu <strong>V\u00edno siln\u00fdch<\/strong>.<\/p>\n\n\n\n<p class=\"has-text-align-left\">V t\u0159et\u00ed B\u0159ezinov\u011b sb\u00edrce <strong>V\u011btry od p\u00f3l\u016f<\/strong> (1897) je v\u0161echno prostoupeno ideou dvou sv\u011bt\u016f, sv\u011bta hmotn\u00e9ho, v n\u011bm\u017e je du\u0161e sv\u00fdm t\u011blem donucena \u017e\u00edt, a sv\u011bta ducha a idej\u00ed, k n\u011bmu\u017e sm\u011b\u0159uje v\u0161e \u017eiv\u00e9. V\u0161eobj\u00edmaj\u00edc\u00ed l\u00e1ska je tu kl\u00ed\u010dem k hlub\u0161\u00edmu pozn\u00e1n\u00ed z\u00e1kon\u016f \u017eivota \u010dlov\u011bka i p\u0159\u00edrody. Vystupuje zde plno symbolick\u00fdch postav (Nejvy\u0161\u0161\u00ed, Vl\u00e1dnouc\u00ed, V\u0161udyp\u0159\u00edtomn\u00fd, Siln\u00ed, \u010cist\u00ed, Svat\u00ed), kter\u00e9 jsou archetypy zduchovn\u011bl\u00e9ho lidstva budoucnosti. Do nich B\u0159ezina ulo\u017eil sv\u00e9 sny o dokonal\u00e9m \u010dlov\u011bku. Zduchovn\u011bn\u00ed B\u0159ezinova vztahu ke skute\u010dnosti ovlivnilo i charakter jeho b\u00e1sn\u00ed \u2013 velmi \u010dasto maj\u00ed r\u00e1z modliteb. Nejzn\u00e1m\u011bj\u0161\u00ed b\u00e1sn\u011b sb\u00edrky jsou <strong>Modlitba za nep\u0159\u00e1tele, Kr\u00e1lovna nad\u011bj\u00ed, L\u00e1ska<\/strong>. Kniha vzbudila zaslou\u017een\u00fd ohlas, s nad\u0161en\u00edm ji p\u0159iv\u00edtal i F. X. \u0160alda. V dopise Ann\u011b Pammrov\u00e9 napsal b\u00e1sn\u00edk roku 1898: <em>\u201eSmysl m\u00e9 pr\u00e1ce, jak se mi jev\u00ed dnes, le\u017e\u00ed v pozn\u00e1n\u00ed kr\u00e1sy sv\u011bta, den ode dne to c\u00edt\u00edm jasn\u011bji. Teprve proti stalet\u00edm a kosmu roz\u017ehavuje se mi tv\u00e1\u0159 a slovo m\u00e9 nab\u00fdv\u00e1 s\u00edly. Realizovat synt\u00e9zi \u017ehav\u00e9ho snu a rozumu, v tom vid\u00edm dnes \u00fa\u010del um\u011bn\u00ed.\u201c<\/em><\/p>\n\n\n\n<p class=\"has-text-align-left\">O nov\u00fd vztah ke skute\u010dnosti se pokusil Otokar B\u0159ezina v nov\u00e9 sb\u00edrce b\u00e1sn\u00ed <strong>Stavitel\u00e9 chr\u00e1mu (1899)<\/strong>. Mezi nekone\u010dn\u00fdm mno\u017estv\u00edm lidsk\u00fdch vyd\u011bd\u011bnc\u016f \u017eij\u00ed <em>\u201estavitel\u00e9 chr\u00e1mu\u201c<\/em> &#8211; b\u00e1sn\u00edci, um\u011blci, myslitel\u00e9 a duchovn\u00ed v\u016fdci lidstva, kte\u0159\u00ed buduj\u00ed dokonalej\u0161\u00ed chr\u00e1m p\u0159\u00ed\u0161t\u00edho sv\u011bta. Stavitel\u00e9 chr\u00e1mu jsou pova\u017eov\u00e1ny za vrchol B\u0159ezinovy b\u00e1snick\u00e9 tvorby, za jednu z nejv\u00fdznamn\u011bj\u0161\u00edch sb\u00edrek \u010desk\u00e9ho symbolismu.<\/p>\n\n\n\n<p class=\"has-text-align-left\">P\u00e1t\u00e1 a posledn\u00ed B\u0159ezinova sb\u00edrka <strong>Ruce<\/strong> (1901) vy\u0161la v&nbsp;\u00faprav\u011b socha\u0159e Franti\u0161ka B\u00edlka. Obsahovala dvacet b\u00e1sn\u00ed a dovr\u0161uje ideovou stavbu b\u00e1sn\u00edkova d\u00edla. B\u0159ezina zde doch\u00e1z\u00ed k n\u00e1zoru, \u017ee p\u0159em\u011bna sv\u011bta nez\u00e1vis\u00ed na duchovn\u00ed pr\u00e1ci geni\u00e1ln\u00edch jedinc\u016f, ale na \u010dinnosti v\u0161ech lid\u00ed. V\u0161ichni lid\u00e9 jsou toti\u017e spojeni \u0159et\u011bzcem neviditeln\u00fdch rukou, obep\u00ednaj\u00edc\u00edch cel\u00fd sv\u011bt. <strong>Ze sb\u00edrky vyza\u0159uje v\u00edra v jednotu v\u0161eho tvorstva, ve v\u011b\u010dn\u00e9 bratrstv\u00ed.<\/strong> <em>\u201eNa prahu brat\u0159\u00ed usedal jsem, z\u00e1hadn\u00fd cizinec, v podve\u010der, a v dalek\u00e9m \u0161um\u011bn\u00ed vod a v p\u00edsni v\u011btr\u016f a v\u00ed\u0159\u00edc\u00edch sf\u00e9r o pr\u00e1ci zem\u011b a sv\u011bt\u011b, jen\u017e v hlubin\u00e1ch l\u00e1sky se p\u0159ede mnou \u0161e\u0159il, k \u00fat\u011b\u0161e brat\u0159\u00ed jsem zp\u00edval, \u0161\u0165asten z&nbsp;\u00fasm\u011bv\u016f jejich, a v\u011b\u0159il\u201c<\/em>, napsal B\u0159ezina v b\u00e1sni <strong>Chv\u00edle sl\u00e1vy<\/strong> a v b\u00e1sni <strong>Kolozp\u011bv srdc\u00ed<\/strong> dod\u00e1v\u00e1 <strong><em>\u201ePro tajemstv\u00ed bolesti, smrti a znovuzrozen\u00ed, sladko je \u017e\u00edti!\u201c<\/em><\/strong><\/p>\n\n\n\n<p class=\"has-text-align-left\">Sb\u00edrkou Ruce se uzav\u00edr\u00e1 B\u0159ezinovo b\u00e1snick\u00e9 d\u00edlo. Jeho b\u00e1snick\u00e1 cesta od osobn\u00edch bolest\u00ed k tajemn\u00fdm d\u00e1lk\u00e1m smrti a vesm\u00edru skon\u010dila pokorn\u00fdm n\u00e1vratem k pozemsk\u00e9mu \u017eivotu. Od mystick\u00e9ho zahled\u011bn\u00ed do tajemstv\u00ed vesm\u00edru k hymnick\u00e9 oslav\u011b \u017eivota.<\/p>\n\n\n\n<p class=\"has-text-align-left\"><strong>Jak napsal F. X. \u0160alda: <em>\u201eZe sebeni\u010ditele vyrostl v sebevykupitele i vykupitele jin\u00fdch. Z rozko\u0161nick\u00e9ho impresionisty a sebepitvaj\u00edc\u00edho nihilisty vykuklil se tv\u016frce heroick\u00fd, kter\u00fd ze sv\u00e9 b\u00eddy a ze sv\u00e9ho zoufalstv\u00ed dovedl dob\u00fdti l\u00e9ku v\u0161em uboh\u00fdm, pora\u017een\u00fdm a poko\u0159en\u00fdm.\u201c<\/em><\/strong><\/p>\n\n\n\n<blockquote class=\"wp-block-quote has-text-align-left\">\n<p class=\"has-text-align-left\"><strong><em>\u201e<\/em>\u2026nebo\u0165 k ni\u010demu nen\u00ed t\u0159eba takov\u00e9 s\u00edly, jako sn\u00e9sti L\u00e1sku\u2026<em>\u201c<\/em><\/strong><\/p>\n<cite>Otokar B\u0159ezina<\/cite><\/blockquote>\n\n\n<div class=\"wp-block-image is-style-default\">\n<figure class=\"aligncenter size-large\"><img decoding=\"async\" loading=\"lazy\" width=\"1024\" height=\"682\" src=\"https:\/\/kopejska.cz\/wp-content\/uploads\/2022\/11\/Sekce-Brezina-bez-bryli-2-1024x682.jpg\" alt=\"\" class=\"wp-image-349\" srcset=\"https:\/\/kopejska.cz\/wp-content\/uploads\/2022\/11\/Sekce-Brezina-bez-bryli-2-1024x682.jpg 1024w, https:\/\/kopejska.cz\/wp-content\/uploads\/2022\/11\/Sekce-Brezina-bez-bryli-2-300x200.jpg 300w, https:\/\/kopejska.cz\/wp-content\/uploads\/2022\/11\/Sekce-Brezina-bez-bryli-2-768x511.jpg 768w, https:\/\/kopejska.cz\/wp-content\/uploads\/2022\/11\/Sekce-Brezina-bez-bryli-2-1536x1022.jpg 1536w, https:\/\/kopejska.cz\/wp-content\/uploads\/2022\/11\/Sekce-Brezina-bez-bryli-2-2048x1363.jpg 2048w, https:\/\/kopejska.cz\/wp-content\/uploads\/2022\/11\/Sekce-Brezina-bez-bryli-2-2000x1331.jpg 2000w\" sizes=\"(max-width: 1024px) 100vw, 1024px\" \/><\/figure><\/div>\n\n\n<figure class=\"wp-block-audio\"><audio controls src=\"https:\/\/kopejska.cz\/wp-content\/uploads\/2022\/11\/Az-sednes-za-muj-stul-21.7.mp3\"><\/audio><figcaption class=\"wp-element-caption\">A\u017e sedne\u0161 za m\u016fj st\u016fl<\/figcaption><\/figure>\n\n\n\n<div class=\"is-content-justification-center is-nowrap is-layout-flex wp-container-8 wp-block-group\"><div class=\"wp-block-image is-style-rounded\">\n<figure class=\"aligncenter size-full is-resized\"><img decoding=\"async\" loading=\"lazy\" src=\"https:\/\/kopejska.cz\/wp-content\/uploads\/2022\/11\/O.B.-2.jpg\" alt=\"\" class=\"wp-image-377\" width=\"234\" height=\"225\"\/><\/figure><\/div><\/div>\n\n\n\n<div style=\"height:100px\" aria-hidden=\"true\" class=\"wp-block-spacer\"><\/div>\n","protected":false},"excerpt":{"rendered":"<p>Pro\u010d pr\u00e1v\u011b Otokar B\u0159ezina? Je \u010dlov\u011bkem, jeho\u017e b\u00e1sn\u011b a eseje otev\u00edraj\u00ed lidsk\u00e1 srdce\u2026propojuj\u00ed je a o\u017eivuj\u00ed duchem a silami, radostmi i bolestmi, kter\u00e9 s\u00e1m autor p\u0159i jejich tvorb\u011b pro\u017e\u00edval, a kter\u00e9 jsou v n\u00ed st\u00e1le obsa\u017eeny\u2026evokuj\u00ed je v \u010dten\u00e1\u0159i a nab\u00e1daj\u00ed k jejich v\u011bdom\u00e9mu rozv\u00edjen\u00ed a upev\u0148ov\u00e1n\u00ed vz\u00e1cn\u00fdch, ale nezbytn\u00fdch lidsk\u00fdch hodnot, jako je vz\u00e1jemn\u00e1 &hellip; <\/p>\n<p class=\"link-more\"><a href=\"https:\/\/kopejska.cz\/?page_id=172\" class=\"more-link\">Read more<span class=\"screen-reader-text\"> &#8222;Otokar B\u0159ezina&#8220;<\/span><\/a><\/p>\n","protected":false},"author":1,"featured_media":346,"parent":0,"menu_order":0,"comment_status":"closed","ping_status":"closed","template":"","meta":[],"_links":{"self":[{"href":"https:\/\/kopejska.cz\/index.php?rest_route=\/wp\/v2\/pages\/172"}],"collection":[{"href":"https:\/\/kopejska.cz\/index.php?rest_route=\/wp\/v2\/pages"}],"about":[{"href":"https:\/\/kopejska.cz\/index.php?rest_route=\/wp\/v2\/types\/page"}],"author":[{"embeddable":true,"href":"https:\/\/kopejska.cz\/index.php?rest_route=\/wp\/v2\/users\/1"}],"replies":[{"embeddable":true,"href":"https:\/\/kopejska.cz\/index.php?rest_route=%2Fwp%2Fv2%2Fcomments&post=172"}],"version-history":[{"count":38,"href":"https:\/\/kopejska.cz\/index.php?rest_route=\/wp\/v2\/pages\/172\/revisions"}],"predecessor-version":[{"id":662,"href":"https:\/\/kopejska.cz\/index.php?rest_route=\/wp\/v2\/pages\/172\/revisions\/662"}],"wp:featuredmedia":[{"embeddable":true,"href":"https:\/\/kopejska.cz\/index.php?rest_route=\/wp\/v2\/media\/346"}],"wp:attachment":[{"href":"https:\/\/kopejska.cz\/index.php?rest_route=%2Fwp%2Fv2%2Fmedia&parent=172"}],"curies":[{"name":"wp","href":"https:\/\/api.w.org\/{rel}","templated":true}]}}